{"id":230758,"date":"2024-02-20T18:41:10","date_gmt":"2024-02-20T23:41:10","guid":{"rendered":"https:\/\/www.valledelcocora.com.co\/w\/?page_id=230758"},"modified":"2026-08-20T14:29:25","modified_gmt":"2026-08-20T19:29:25","slug":"reconocimientos-y-premios","status":"publish","type":"page","link":"https:\/\/www.valledelcocora.com.co\/w\/reconocimientos-y-premios\/","title":{"rendered":"Reconocimientos y Premios"},"content":{"rendered":"\n[et_pb_section fb_built=\u00bb1&#8243; admin_label=\u00bbBlog\u00bb _builder_version=\u00bb4.23.1&#8243; _module_preset=\u00bbdefault\u00bb background_color=\u00bb#FFFFFF\u00bb custom_padding=\u00bb5px||4px|||\u00bb da_disable_devices=\u00bboff|off|off\u00bb collapsed=\u00bbon\u00bb global_colors_info=\u00bb{}\u00bb da_is_popup=\u00bboff\u00bb da_exit_intent=\u00bboff\u00bb da_has_close=\u00bbon\u00bb da_alt_close=\u00bboff\u00bb da_dark_close=\u00bboff\u00bb da_not_modal=\u00bbon\u00bb da_is_singular=\u00bboff\u00bb da_with_loader=\u00bboff\u00bb da_has_shadow=\u00bbon\u00bb][et_pb_row custom_padding_last_edited=\u00bbon|phone\u00bb _builder_version=\u00bb4.23.1&#8243; _module_preset=\u00bbdefault\u00bb custom_padding_tablet=\u00bb\u00bb custom_padding_phone=\u00bb||0px||false|false\u00bb global_colors_info=\u00bb{}\u00bb][et_pb_column type=\u00bb4_4&#8243; _builder_version=\u00bb4.20.0&#8243; _module_preset=\u00bbdefault\u00bb global_colors_info=\u00bb{}\u00bb][et_pb_text _builder_version=\u00bb4.27.7&#8243; _module_preset=\u00bb9cf42347-975b-4297-ad0d-8f155c4e643c\u00bb header_font=\u00bbAbhaya Libre|700|||||||\u00bb header_text_color=\u00bb#A0691C\u00bb header_font_size=\u00bb90px\u00bb hover_enabled=\u00bb0&#8243; header_font_size_phone=\u00bb33px\u00bb global_colors_info=\u00bb{}\u00bb sticky_enabled=\u00bb0&#8243;]<h1>Reconocimientos y Premios<\/h1>[\/et_pb_text][\/et_pb_column][\/et_pb_row][\/et_pb_section][et_pb_section fb_built=\u00bb1&#8243; custom_padding_last_edited=\u00bbon|phone\u00bb _builder_version=\u00bb4.23.1&#8243; _module_preset=\u00bbdefault\u00bb background_color=\u00bb#FFFFFF\u00bb custom_padding=\u00bb6px|||||\u00bb custom_padding_tablet=\u00bb6px|||||\u00bb custom_padding_phone=\u00bb6px||0px||false|false\u00bb da_disable_devices=\u00bboff|off|off\u00bb global_colors_info=\u00bb{}\u00bb da_is_popup=\u00bboff\u00bb da_exit_intent=\u00bboff\u00bb da_has_close=\u00bbon\u00bb da_alt_close=\u00bboff\u00bb da_dark_close=\u00bboff\u00bb da_not_modal=\u00bbon\u00bb da_is_singular=\u00bboff\u00bb da_with_loader=\u00bboff\u00bb da_has_shadow=\u00bbon\u00bb][et_pb_row _builder_version=\u00bb4.23.1&#8243; _module_preset=\u00bbdefault\u00bb global_colors_info=\u00bb{}\u00bb][et_pb_column type=\u00bb4_4&#8243; _builder_version=\u00bb4.23.1&#8243; _module_preset=\u00bbdefault\u00bb global_colors_info=\u00bb{}\u00bb][et_pb_image src=\u00bbhttps:\/\/www.valledelcocora.com.co\/w\/wp-content\/uploads\/2026\/07\/premio-acordes-valledelcocora.webp\u00bb title_text=\u00bbpremio-acordes-valledelcocora\u00bb show_in_lightbox=\u00bbon\u00bb _builder_version=\u00bb4.27.7&#8243; _module_preset=\u00bbdefault\u00bb border_radii=\u00bbon|8px|8px|8px|8px\u00bb global_colors_info=\u00bb{}\u00bb][\/et_pb_image][\/et_pb_column][\/et_pb_row][et_pb_row _builder_version=\u00bb4.27.7&#8243; _module_preset=\u00bbdefault\u00bb custom_padding=\u00bb0px||0px||true|false\u00bb custom_margin=\u00bb||||true|false\u00bb hover_enabled=\u00bb0&#8243; sticky_enabled=\u00bb0&#8243;][et_pb_column _builder_version=\u00bb4.27.7&#8243; _module_preset=\u00bbdefault\u00bb type=\u00bb4_4&#8243;][et_pb_text _builder_version=\u00bb4.27.7&#8243; _module_preset=\u00bbdefault\u00bb hover_enabled=\u00bb0&#8243; sticky_enabled=\u00bb0&#8243; header_2_font=\u00bbAbhaya Libre|600|||||||\u00bb header_font=\u00bbAbhaya Libre|700|||||||\u00bb header_6_font=\u00bbAbhaya Libre|700|||||||\u00bb header_6_font_size=\u00bb19px\u00bb header_font_size=\u00bb48px\u00bb header_text_color=\u00bb#a0691c\u00bb header_6_text_color=\u00bb#a0691c\u00bb header_font_size_last_edited=\u00bbon|phone\u00bb header_font_size_phone=\u00bb26px\u00bb header_font_size_tablet=\u00bb48px\u00bb]<h6 style=\"text-align: center;\">GANADORES PREMIO ACODR\u00c9S 2026<\/h6>\n<h1 style=\"text-align: center;\"><strong>Mejor Turismo Gastronomico de Colombia<\/strong><\/h1>[\/et_pb_text][\/et_pb_column][\/et_pb_row][et_pb_row _builder_version=\u00bb4.27.7&#8243; _module_preset=\u00bbdefault\u00bb column_structure=\u00bb1_2,1_2&#8243;][et_pb_column _builder_version=\u00bb4.27.7&#8243; _module_preset=\u00bbdefault\u00bb type=\u00bb1_2&#8243;][et_pb_text _builder_version=\u00bb4.27.7&#8243; _module_preset=\u00bbdefault\u00bb text_font=\u00bbCabin||||||||\u00bb header_font=\u00bbAbhaya Libre||||||||\u00bb header_2_font=\u00bbAbhaya Libre|800|||||||\u00bb header_2_font_size=\u00bb21px\u00bb header_2_text_color=\u00bb#266949&#8243; text_orientation=\u00bbjustified\u00bb hover_enabled=\u00bb0&#8243; sticky_enabled=\u00bb0&#8243; text_font_size=\u00bb16px\u00bb]<h2>El m\u00e1ximo reconocimiento de la gastronom\u00eda colombiana<\/h2>\n<p>En abril de 2026, en el hist\u00f3rico Teatro Adolfo Mej\u00eda de Cartagena, Bosques de Cocora Donde Juan B recibi\u00f3 el m\u00e1ximo galard\u00f3n otorgado por la Asociaci\u00f3n Colombiana de la Industria Gastron\u00f3mica (ACODR\u00c9S): <strong data-start=\"521\" data-end=\"563\">Mejor Turismo Gastron\u00f3mico de Colombia<\/strong>, durante los Premios Nacionales <strong data-start=\"596\" data-end=\"621\">La Receta Dorada 2026<\/strong>.<\/p>\n<p>&nbsp;<\/p>[\/et_pb_text][\/et_pb_column][et_pb_column _builder_version=\u00bb4.27.7&#8243; _module_preset=\u00bbdefault\u00bb type=\u00bb1_2&#8243;][et_pb_text _builder_version=\u00bb4.27.7&#8243; _module_preset=\u00bbdefault\u00bb text_font=\u00bbCabin||||||||\u00bb header_font=\u00bbAbhaya Libre||||||||\u00bb header_2_font=\u00bbAbhaya Libre|800|||||||\u00bb header_2_font_size=\u00bb21px\u00bb header_2_text_color=\u00bb#266949&#8243; text_orientation=\u00bbjustified\u00bb hover_enabled=\u00bb0&#8243; sticky_enabled=\u00bb0&#8243; text_font_size=\u00bb16px\u00bb]<h2>Un reconocimiento construido durante m\u00e1s de 30 a\u00f1os<\/h2>\n<p data-start=\"1008\" data-end=\"1267\" class=\"PDq2pG_selectionAnchorContainer\">Durante m\u00e1s de tres d\u00e9cadas hemos trabajado para que cada visitante viva una experiencia que conecte la cultura, la tradici\u00f3n y el respeto por el entorno. Nuestra huerta org\u00e1nica, el apoyo a los productores locales y la protecci\u00f3n de la Palma de Cera \u2014\u00c1rbol Nacional de Colombia\u2014 hacen parte de ese prop\u00f3sito que hoy es reconocido a nivel nacional.<\/p>[\/et_pb_text][\/et_pb_column][\/et_pb_row][et_pb_row _builder_version=\u00bb4.27.7&#8243; _module_preset=\u00bbdefault\u00bb column_structure=\u00bb1_4,1_4,1_4,1_4&#8243;][et_pb_column _builder_version=\u00bb4.27.7&#8243; _module_preset=\u00bbdefault\u00bb type=\u00bb1_4&#8243;][et_pb_text _builder_version=\u00bb4.27.7&#8243; _module_preset=\u00bbdefault\u00bb hover_enabled=\u00bb0&#8243; sticky_enabled=\u00bb0&#8243; header_2_font=\u00bbAbhaya Libre|800|||||||\u00bb header_font=\u00bbAbhaya Libre|700|||||||\u00bb header_6_font=\u00bbAbhaya Libre|700|||||||\u00bb header_6_font_size=\u00bb19px\u00bb header_font_size=\u00bb48px\u00bb header_text_color=\u00bb#a0691c\u00bb header_6_text_color=\u00bb#a0691c\u00bb header_2_text_color=\u00bb#A0691C\u00bb]<h2 style=\"text-align: center;\">Experiencias que<br \/>dejan huella<\/h2>[\/et_pb_text][\/et_pb_column][et_pb_column _builder_version=\u00bb4.27.7&#8243; _module_preset=\u00bbdefault\u00bb type=\u00bb1_4&#8243;][et_pb_text _builder_version=\u00bb4.27.7&#8243; _module_preset=\u00bbdefault\u00bb hover_enabled=\u00bb0&#8243; sticky_enabled=\u00bb0&#8243; header_2_font=\u00bbAbhaya Libre|800|||||||\u00bb header_font=\u00bbAbhaya Libre|700|||||||\u00bb header_6_font=\u00bbAbhaya Libre|700|||||||\u00bb header_6_font_size=\u00bb19px\u00bb header_font_size=\u00bb48px\u00bb header_text_color=\u00bb#a0691c\u00bb header_6_text_color=\u00bb#a0691c\u00bb header_2_text_color=\u00bb#A0691C\u00bb]<h2 style=\"text-align: center;\">Gastronom\u00eda que trasciende<\/h2>[\/et_pb_text][\/et_pb_column][et_pb_column _builder_version=\u00bb4.27.7&#8243; _module_preset=\u00bbdefault\u00bb type=\u00bb1_4&#8243;][et_pb_text _builder_version=\u00bb4.27.7&#8243; _module_preset=\u00bbdefault\u00bb hover_enabled=\u00bb0&#8243; sticky_enabled=\u00bb0&#8243; header_2_font=\u00bbAbhaya Libre|800|||||||\u00bb header_font=\u00bbAbhaya Libre|700|||||||\u00bb header_6_font=\u00bbAbhaya Libre|700|||||||\u00bb header_6_font_size=\u00bb19px\u00bb header_font_size=\u00bb48px\u00bb header_text_color=\u00bb#a0691c\u00bb header_6_text_color=\u00bb#a0691c\u00bb header_2_text_color=\u00bb#A0691C\u00bb]<h2 style=\"text-align: center;\">Conservamos el Valle de Cocora<\/h2>[\/et_pb_text][\/et_pb_column][et_pb_column _builder_version=\u00bb4.27.7&#8243; _module_preset=\u00bbdefault\u00bb type=\u00bb1_4&#8243;][et_pb_text _builder_version=\u00bb4.27.7&#8243; _module_preset=\u00bbdefault\u00bb hover_enabled=\u00bb0&#8243; sticky_enabled=\u00bb0&#8243; header_2_font=\u00bbAbhaya Libre|800|||||||\u00bb header_font=\u00bbAbhaya Libre|700|||||||\u00bb header_6_font=\u00bbAbhaya Libre|700|||||||\u00bb header_6_font_size=\u00bb19px\u00bb header_font_size=\u00bb48px\u00bb header_text_color=\u00bb#a0691c\u00bb header_6_text_color=\u00bb#a0691c\u00bb custom_padding=\u00bb||0px|||\u00bb header_2_text_color=\u00bb#A0691C\u00bb]<h2 style=\"text-align: center;\">M\u00e1s de tres d\u00e9cadas construyendo historia<\/h2>[\/et_pb_text][\/et_pb_column][\/et_pb_row][et_pb_row column_structure=\u00bb1_2,1_2&#8243; _builder_version=\u00bb4.23.1&#8243; _module_preset=\u00bbdefault\u00bb global_colors_info=\u00bb{}\u00bb][et_pb_column type=\u00bb1_2&#8243; _builder_version=\u00bb4.23.1&#8243; _module_preset=\u00bbdefault\u00bb global_colors_info=\u00bb{}\u00bb][et_pb_image src=\u00bbhttps:\/\/www.valledelcocora.com.co\/w\/wp-content\/uploads\/2024\/02\/valledelcocora-reconocimientos-y-premios_4.jpg\u00bb title_text=\u00bbvalledelcocora-reconocimientos-y-premios_4&#8243; show_in_lightbox=\u00bbon\u00bb _builder_version=\u00bb4.23.1&#8243; _module_preset=\u00bbdefault\u00bb border_radii=\u00bbon|8px|8px|8px|8px\u00bb global_colors_info=\u00bb{}\u00bb][\/et_pb_image][\/et_pb_column][et_pb_column type=\u00bb1_2&#8243; _builder_version=\u00bb4.23.1&#8243; _module_preset=\u00bbdefault\u00bb global_colors_info=\u00bb{}\u00bb][et_pb_image src=\u00bbhttps:\/\/www.valledelcocora.com.co\/w\/wp-content\/uploads\/2024\/02\/valledelcocora-reconocimientos-y-premios_3.jpg\u00bb title_text=\u00bbvalledelcocora-reconocimientos-y-premios_3&#8243; show_in_lightbox=\u00bbon\u00bb _builder_version=\u00bb4.23.1&#8243; _module_preset=\u00bbdefault\u00bb border_radii=\u00bbon|8px|8px|8px|8px\u00bb global_colors_info=\u00bb{}\u00bb][\/et_pb_image][\/et_pb_column][\/et_pb_row][et_pb_row column_structure=\u00bb1_2,1_2&#8243; _builder_version=\u00bb4.23.1&#8243; _module_preset=\u00bbdefault\u00bb global_colors_info=\u00bb{}\u00bb][et_pb_column type=\u00bb1_2&#8243; _builder_version=\u00bb4.23.1&#8243; _module_preset=\u00bbdefault\u00bb global_colors_info=\u00bb{}\u00bb][et_pb_image src=\u00bbhttps:\/\/www.valledelcocora.com.co\/w\/wp-content\/uploads\/2024\/02\/valledelcocora-reconocimientos-y-premios_2.jpg\u00bb title_text=\u00bbvalledelcocora-reconocimientos-y-premios_2&#8243; show_in_lightbox=\u00bbon\u00bb _builder_version=\u00bb4.23.1&#8243; _module_preset=\u00bbdefault\u00bb border_radii=\u00bbon|8px|8px|8px|8px\u00bb global_colors_info=\u00bb{}\u00bb][\/et_pb_image][\/et_pb_column][et_pb_column type=\u00bb1_2&#8243; _builder_version=\u00bb4.23.1&#8243; _module_preset=\u00bbdefault\u00bb global_colors_info=\u00bb{}\u00bb][et_pb_image src=\u00bbhttps:\/\/www.valledelcocora.com.co\/w\/wp-content\/uploads\/2024\/02\/valledelcocora-reconocimientos-y-premios_1.jpg\u00bb title_text=\u00bbvalledelcocora-reconocimientos-y-premios_1&#8243; show_in_lightbox=\u00bbon\u00bb _builder_version=\u00bb4.23.1&#8243; _module_preset=\u00bbdefault\u00bb border_radii=\u00bbon|8px|8px|8px|8px\u00bb global_colors_info=\u00bb{}\u00bb][\/et_pb_image][\/et_pb_column][\/et_pb_row][et_pb_row column_structure=\u00bb1_2,1_2&#8243; _builder_version=\u00bb4.23.1&#8243; _module_preset=\u00bbdefault\u00bb global_colors_info=\u00bb{}\u00bb][et_pb_column type=\u00bb1_2&#8243; _builder_version=\u00bb4.23.1&#8243; _module_preset=\u00bbdefault\u00bb global_colors_info=\u00bb{}\u00bb][et_pb_image src=\u00bbhttps:\/\/www.valledelcocora.com.co\/w\/wp-content\/uploads\/2024\/02\/valledelcocora-reconocimientos-y-premios.jpg\u00bb title_text=\u00bbvalledelcocora-reconocimientos-y-premios\u00bb show_in_lightbox=\u00bbon\u00bb _builder_version=\u00bb4.23.1&#8243; _module_preset=\u00bbdefault\u00bb border_radii=\u00bbon|8px|8px|8px|8px\u00bb global_colors_info=\u00bb{}\u00bb][\/et_pb_image][\/et_pb_column][et_pb_column type=\u00bb1_2&#8243; _builder_version=\u00bb4.23.1&#8243; _module_preset=\u00bbdefault\u00bb global_colors_info=\u00bb{}\u00bb][et_pb_image src=\u00bbhttps:\/\/www.valledelcocora.com.co\/w\/wp-content\/uploads\/2024\/02\/valledelcocora-reconocimientos-y-premios_5.jpg\u00bb title_text=\u00bbvalledelcocora-reconocimientos-y-premios_5&#8243; show_in_lightbox=\u00bbon\u00bb _builder_version=\u00bb4.23.1&#8243; _module_preset=\u00bbdefault\u00bb border_radii=\u00bbon|8px|8px|8px|8px\u00bb global_colors_info=\u00bb{}\u00bb][\/et_pb_image][\/et_pb_column][\/et_pb_row][et_pb_row column_structure=\u00bb1_2,1_2&#8243; _builder_version=\u00bb4.23.1&#8243; _module_preset=\u00bbdefault\u00bb global_colors_info=\u00bb{}\u00bb][et_pb_column type=\u00bb1_2&#8243; _builder_version=\u00bb4.23.1&#8243; _module_preset=\u00bbdefault\u00bb global_colors_info=\u00bb{}\u00bb][et_pb_image src=\u00bbhttps:\/\/www.valledelcocora.com.co\/w\/wp-content\/uploads\/2024\/02\/valledelcocora-reconocimientos-y-premios_8.jpg\u00bb title_text=\u00bbvalledelcocora-reconocimientos-y-premios_8&#8243; show_in_lightbox=\u00bbon\u00bb _builder_version=\u00bb4.23.1&#8243; _module_preset=\u00bbdefault\u00bb border_radii=\u00bbon|8px|8px|8px|8px\u00bb global_colors_info=\u00bb{}\u00bb][\/et_pb_image][\/et_pb_column][et_pb_column type=\u00bb1_2&#8243; _builder_version=\u00bb4.23.1&#8243; _module_preset=\u00bbdefault\u00bb global_colors_info=\u00bb{}\u00bb][et_pb_image src=\u00bbhttps:\/\/www.valledelcocora.com.co\/w\/wp-content\/uploads\/2024\/02\/valledelcocora-reconocimientos-y-premios_7.jpg\u00bb title_text=\u00bbvalledelcocora-reconocimientos-y-premios_7&#8243; show_in_lightbox=\u00bbon\u00bb _builder_version=\u00bb4.23.1&#8243; _module_preset=\u00bbdefault\u00bb border_radii=\u00bbon|8px|8px|8px|8px\u00bb global_colors_info=\u00bb{}\u00bb][\/et_pb_image][\/et_pb_column][\/et_pb_row][et_pb_row column_structure=\u00bb1_2,1_2&#8243; _builder_version=\u00bb4.23.1&#8243; _module_preset=\u00bbdefault\u00bb global_colors_info=\u00bb{}\u00bb][et_pb_column type=\u00bb1_2&#8243; _builder_version=\u00bb4.23.1&#8243; _module_preset=\u00bbdefault\u00bb global_colors_info=\u00bb{}\u00bb][et_pb_image src=\u00bbhttps:\/\/www.valledelcocora.com.co\/w\/wp-content\/uploads\/2024\/02\/valledelcocora-reconocimientos-y-premios_6.jpg\u00bb title_text=\u00bbvalledelcocora-reconocimientos-y-premios_6&#8243; show_in_lightbox=\u00bbon\u00bb _builder_version=\u00bb4.23.1&#8243; _module_preset=\u00bbdefault\u00bb border_radii=\u00bbon|8px|8px|8px|8px\u00bb global_colors_info=\u00bb{}\u00bb][\/et_pb_image][\/et_pb_column][et_pb_column type=\u00bb1_2&#8243; _builder_version=\u00bb4.23.1&#8243; _module_preset=\u00bbdefault\u00bb global_colors_info=\u00bb{}\u00bb][\/et_pb_column][\/et_pb_row][et_pb_row _builder_version=\u00bb4.23.1&#8243; _module_preset=\u00bbdefault\u00bb global_colors_info=\u00bb{}\u00bb][et_pb_column type=\u00bb4_4&#8243; _builder_version=\u00bb4.23.1&#8243; _module_preset=\u00bbdefault\u00bb global_colors_info=\u00bb{}\u00bb][et_pb_text _builder_version=\u00bb4.27.5&#8243; _module_preset=\u00bbdefault\u00bb text_font=\u00bbCabin||||||||\u00bb text_text_color=\u00bb#000000&#8243; text_font_size=\u00bb16px\u00bb header_2_font=\u00bbAbhaya Libre|700|||||||\u00bb header_2_text_align=\u00bbcenter\u00bb header_2_text_color=\u00bb#A0691C\u00bb header_2_font_size=\u00bb42px\u00bb global_colors_info=\u00bb{}\u00bb]<h2>Noticias<\/h2>\n<ul>\n\t<li>Columna de Andres Hurtado hoy en El Tiempo. Felicitaciones a JuanB y Mariela 30 a\u00f1os de dedicaci\u00f3n al turismo del Quind\u00edo.\n<strong>Enlace: <a href=\"https:\/\/www.eltiempo.com\/amp\/opinion\/columnistas\/andres-hurtado-garcia\/juan-b-y-el-valle-de-cocora-columna-de-andres-hurtado-garcia-849985\" target=\"_blank\" rel=\"noopener\">https:\/\/www.eltiempo.com\/amp\/opinion\/columnistas\/andres-hurtado-garcia\/juan-b-y-el-valle-de-cocora-columna-de-andres-hurtado-garcia-849985<\/a><\/strong><\/li>\n<\/ul>\n<strong><\/strong>\n<ul>\n\t<li>\u201cJuanb\u00e9\u201d y el Valle de Cocora\nEnlace: <strong><a href=\"https:\/\/www.lapatria.com\/opinion\/columnistas\/andres-hurtado\/juanbe-y-el-valle-de-cocora\" target=\"_blank\" rel=\"noopener\">https:\/\/www.lapatria.com\/opinion\/columnistas\/andres-hurtado\/juanbe-y-el-valle-de-cocora<\/a><\/strong><\/li>\n<\/ul>\n[\/et_pb_text][\/et_pb_column][\/et_pb_row][\/et_pb_section]\n","protected":false},"excerpt":{"rendered":"<p>Reconocimientos y PremiosGANADORES PREMIO ACODR\u00c9S 2026 Mejor Turismo Gastronomico de ColombiaEl m\u00e1ximo reconocimiento de la gastronom\u00eda colombiana En abril de 2026, en el hist\u00f3rico Teatro Adolfo Mej\u00eda de Cartagena, Bosques de Cocora Donde Juan B recibi\u00f3 el m\u00e1ximo galard\u00f3n otorgado por la Asociaci\u00f3n Colombiana de la Industria Gastron\u00f3mica (ACODR\u00c9S): Mejor Turismo Gastron\u00f3mico de Colombia, durante [&hellip;]<\/p>\n","protected":false},"author":2,"featured_media":0,"parent":0,"menu_order":0,"comment_status":"closed","ping_status":"closed","template":"","meta":{"_et_pb_use_builder":"on","_et_pb_old_content":"","_et_gb_content_width":"","_joinchat":[],"footnotes":""},"class_list":["post-230758","page","type-page","status-publish","hentry"],"_links":{"self":[{"href":"https:\/\/www.valledelcocora.com.co\/w\/wp-json\/wp\/v2\/pages\/230758","targetHints":{"allow":["GET"]}}],"collection":[{"href":"https:\/\/www.valledelcocora.com.co\/w\/wp-json\/wp\/v2\/pages"}],"about":[{"href":"https:\/\/www.valledelcocora.com.co\/w\/wp-json\/wp\/v2\/types\/page"}],"author":[{"embeddable":true,"href":"https:\/\/www.valledelcocora.com.co\/w\/wp-json\/wp\/v2\/users\/2"}],"replies":[{"embeddable":true,"href":"https:\/\/www.valledelcocora.com.co\/w\/wp-json\/wp\/v2\/comments?post=230758"}],"version-history":[{"count":6,"href":"https:\/\/www.valledelcocora.com.co\/w\/wp-json\/wp\/v2\/pages\/230758\/revisions"}],"predecessor-version":[{"id":233333,"href":"https:\/\/www.valledelcocora.com.co\/w\/wp-json\/wp\/v2\/pages\/230758\/revisions\/233333"}],"wp:attachment":[{"href":"https:\/\/www.valledelcocora.com.co\/w\/wp-json\/wp\/v2\/media?parent=230758"}],"curies":[{"name":"wp","href":"https:\/\/api.w.org\/{rel}","templated":true}]}}